{"id":5529,"date":"2022-09-23T19:45:08","date_gmt":"2022-09-23T17:45:08","guid":{"rendered":"https:\/\/www.prignitz-mst.de\/polityka-prywatnosci\/"},"modified":"2025-01-17T00:19:42","modified_gmt":"2025-01-16T23:19:42","slug":"polityka-prywatnosci","status":"publish","type":"page","link":"https:\/\/www.prignitz-mst.de\/pl\/polityka-prywatnosci\/","title":{"rendered":"Polityka prywatno\u015bci"},"content":{"rendered":"<p>[et_pb_section fb_built=&#8221;1&#8243; admin_label=&#8221;Header&#8221; _builder_version=&#8221;4.20.0&#8243; _module_preset=&#8221;default&#8221; background_image=&#8221;https:\/\/www.prignitz-mst.de\/wp-content\/uploads\/2022\/11\/quality_bg-2.jpg&#8221; background_position=&#8221;bottom_right&#8221; background_vertical_offset=&#8221;26%&#8221; custom_padding=&#8221;300px||0px||false|false&#8221; hover_enabled=&#8221;0&#8243; locked=&#8221;off&#8221; global_colors_info=&#8221;{}&#8221; title_text=&#8221;quality_bg&#8221; sticky_enabled=&#8221;0&#8243;][et_pb_row column_structure=&#8221;2_3,1_3&#8243; use_custom_gutter=&#8221;on&#8221; gutter_width=&#8221;1&#8243; _builder_version=&#8221;4.18.0&#8243; _module_preset=&#8221;default&#8221; custom_padding=&#8221;||0px||false|false&#8221; global_colors_info=&#8221;{}&#8221;][et_pb_column type=&#8221;2_3&#8243; _builder_version=&#8221;4.18.0&#8243; _module_preset=&#8221;default&#8221; background_color=&#8221;#545454&#8243; custom_padding=&#8221;60px|60px|60px|0px|true|false&#8221; custom_padding_tablet=&#8221;40px|40px|40px||true|false&#8221; custom_padding_phone=&#8221;20px|20px|20px|20px|true|true&#8221; custom_padding_last_edited=&#8221;on|phone&#8221; border_radii=&#8221;on|16px|16px|16px|16px&#8221; box_shadow_style=&#8221;preset4&#8243; box_shadow_horizontal=&#8221;-355px&#8221; box_shadow_vertical=&#8221;0px&#8221; box_shadow_color=&#8221;#545454&#8243; global_colors_info=&#8221;{}&#8221;][et_pb_text _builder_version=&#8221;4.18.0&#8243; _module_preset=&#8221;e598b17a-9229-42f6-b238-019d6094332e&#8221; header_font=&#8221;|600|||||||&#8221; header_text_color=&#8221;#FFFFFF&#8221; header_font_size=&#8221;60px&#8221; header_line_height=&#8221;1.1em&#8221; custom_margin=&#8221;||0px||false|false&#8221; header_font_size_tablet=&#8221;40px&#8221; header_font_size_phone=&#8221;24px&#8221; header_font_size_last_edited=&#8221;on|phone&#8221; locked=&#8221;off&#8221; global_colors_info=&#8221;{}&#8221;]<\/p>\n<h1>Polityka prywatno\u015bci<\/h1>\n<p>[\/et_pb_text][et_pb_text _builder_version=&#8221;4.18.0&#8243; _module_preset=&#8221;22d0da71-6393-430b-a0cd-b77dd565e85c&#8221; text_text_color=&#8221;rgba(255,255,255,0.7)&#8221; text_font_size=&#8221;16px&#8221; text_line_height=&#8221;1.8em&#8221; custom_margin_tablet=&#8221;|||-60px|false|false&#8221; custom_margin_phone=&#8221;|||0px|false|false&#8221; custom_margin_last_edited=&#8221;off|desktop&#8221; text_font_size_tablet=&#8221;15px&#8221; text_font_size_phone=&#8221;14px&#8221; text_font_size_last_edited=&#8221;on|phone&#8221; header_font_size_tablet=&#8221;55px&#8221; header_font_size_last_edited=&#8221;off|desktop&#8221; locked=&#8221;off&#8221; global_colors_info=&#8221;{}&#8221;]<\/p>\n<p>Poni\u017cej znajduje si\u0119 nasza polityka prywatno\u015bci i wszystkie informacje prawne.<\/p>\n<p>[\/et_pb_text][\/et_pb_column][et_pb_column type=&#8221;1_3&#8243; _builder_version=&#8221;4.18.0&#8243; _module_preset=&#8221;default&#8221; global_colors_info=&#8221;{}&#8221;][et_pb_button button_url=&#8221;#et_pb_contact_form_1&#8243; button_text=&#8221;Skontaktuj si\u0119 z nami&#8221; _builder_version=&#8221;4.18.0&#8243; _module_preset=&#8221;ec1c8900-b8c6-4613-b437-dca1263aa061&#8243; custom_button=&#8221;on&#8221; button_text_size=&#8221;14px&#8221; button_text_color=&#8221;#F2F2F2&#8243; button_bg_color=&#8221;#1D9B41&#8243; button_border_width=&#8221;0px&#8221; button_border_radius=&#8221;11px&#8221; button_font=&#8221;|700|||||||&#8221; custom_margin=&#8221;54px|||-48px|false|false&#8221; custom_padding=&#8221;40px|20px|40px|20px|true|true&#8221; locked=&#8221;off&#8221; global_colors_info=&#8221;{}&#8221;][\/et_pb_button][\/et_pb_column][\/et_pb_row][\/et_pb_section][et_pb_section fb_built=&#8221;1&#8243; admin_label=&#8221;About&#8221; _builder_version=&#8221;4.20.0&#8243; _module_preset=&#8221;default&#8221; global_colors_info=&#8221;{}&#8221;][et_pb_row use_custom_gutter=&#8221;on&#8221; gutter_width=&#8221;4&#8243; _builder_version=&#8221;4.16&#8243; _module_preset=&#8221;default&#8221; global_colors_info=&#8221;{}&#8221;][et_pb_column type=&#8221;4_4&#8243; _builder_version=&#8221;4.16&#8243; _module_preset=&#8221;default&#8221; global_colors_info=&#8221;{}&#8221;][et_pb_divider color=&#8221;#F2F2F2&#8243; divider_weight=&#8221;5px&#8221; _builder_version=&#8221;4.18.0&#8243; _module_preset=&#8221;ce0e852d-65f7-4b50-97d9-c94701b6b484&#8243; max_width=&#8221;210px&#8221; height=&#8221;5px&#8221; custom_margin=&#8221;-24px||30px||false|false&#8221; custom_margin_tablet=&#8221;-22px||||false|false&#8221; custom_margin_phone=&#8221;-18px||||false|false&#8221; custom_margin_last_edited=&#8221;on|phone&#8221; global_colors_info=&#8221;{}&#8221;][\/et_pb_divider][et_pb_text _builder_version=&#8221;4.20.0&#8243; _module_preset=&#8221;22d0da71-6393-430b-a0cd-b77dd565e85c&#8221; text_font_size=&#8221;16px&#8221; text_line_height=&#8221;1.8em&#8221; text_font_size_tablet=&#8221;15px&#8221; text_font_size_phone=&#8221;14px&#8221; text_font_size_last_edited=&#8221;on|phone&#8221; header_font_size_tablet=&#8221;55px&#8221; header_font_size_last_edited=&#8221;off|desktop&#8221; locked=&#8221;off&#8221; global_colors_info=&#8221;{}&#8221;]<\/p>\n<p class=\"tm8\"><strong><span class=\"tm9\">1) Wprowadzenie i dane kontaktowe administratora<\/span><\/strong><\/p>\n<p class=\"tm10\"><span class=\"tm11\"><\/span><strong><span class=\"tm12\">1.1<\/span><\/strong><span class=\"tm11\">  Cieszymy si\u0119, \u017ce odwiedzasz nasz\u0105 stron\u0119 internetow\u0105 i dzi\u0119kujemy za zainteresowanie. Poni\u017cej poinformujemy Ci\u0119, w jaki spos\u00f3b przetwarzamy Twoje dane osobowe podczas korzystania z naszej strony internetowej. Dane osobowe to wszystkie dane, za pomoc\u0105 kt\u00f3rych mo\u017cna zidentyfikowa\u0107 u\u017cytkownika.  <\/span><\/p>\n<p class=\"tm10\"><span class=\"tm11\"><\/span><strong><span class=\"tm12\">1.2<\/span><\/strong><span class=\"tm11\"> <\/span><span class=\"tm16\">Administratorem danych w rozumieniu og\u00f3lnego rozporz\u0105dzenia o ochronie danych, innych przepis\u00f3w o ochronie danych obowi\u0105zuj\u0105cych w pa\u0144stwach cz\u0142onkowskich Unii Europejskiej oraz innych przepis\u00f3w o charakterze ochrony danych jest:<\/span><\/p>\n<p class=\"tm10\"><strong><span class=\"tm11\">PRIGNITZ Mikrosystemtechnik GmbH,  <\/span><\/strong><\/p>\n<p class=\"tm10\"><strong><span class=\"tm11\">Margarethenstrasse 61,  <\/span><\/strong><\/p>\n<p class=\"tm10\"><strong><span class=\"tm11\">19322 Wittenberge,  <\/span><\/strong><\/p>\n<p class=\"tm10\"><strong><span class=\"tm11\">Niemcy<\/span><\/strong><\/p>\n<p class=\"tm10\"><strong><span class=\"tm11\">Telefon: +49 38 77 \/ 5 67 46-0, Faks: +49 38 77 \/ 5 67 46-18,  <\/span><\/strong><\/p>\n<p class=\"tm10\"><strong><span class=\"tm11\">E-mail: info@prignitz-mst.de<\/span><\/strong><\/p>\n<p class=\"tm15\"><span class=\"tm16\"> <\/span><span class=\"tm16\">W przypadku jakichkolwiek w\u0105tpliwo\u015bci dotycz\u0105cych ochrony danych prosimy o kontakt z administratorem.  <\/span><\/p>\n<p class=\"tm15\"><span class=\"tm16\"><\/span><strong><span class=\"tm12\">1.3<\/span><\/strong><span class=\"tm11\"> Administrator danych wyznaczy\u0142 inspektora ochrony danych, z kt\u00f3rym mo\u017cna si\u0119 skontaktowa\u0107 w nast\u0119puj\u0105cy spos\u00f3b: &#8222;REJESTRUJ INSPEKTORA OCHRONY DANYCH&#8221;<\/span><\/p>\n<p class=\"tm15\"><span class=\"tm16\"><\/span><strong><span class=\"tm12\">1.4<\/span><\/strong><span class=\"tm11\">  Ta strona internetowa wykorzystuje szyfrowanie SSL lub TLS ze wzgl\u0119d\u00f3w bezpiecze\u0144stwa oraz w celu ochrony transmisji danych osobowych i innych poufnych tre\u015bci (np. zam\u00f3wie\u0144 lub zapyta\u0144 do administratora). Po\u0142\u0105czenie szyfrowane mo\u017cna rozpozna\u0107 po ci\u0105gu znak\u00f3w &#8222;https:\/\/&#8221; i symbolu k\u0142\u00f3dki w wierszu przegl\u0105darki.  <\/span><\/p>\n<p class=\"tm15\"><span class=\"tm16\"><\/span><strong><span class=\"tm17\">2) Gromadzenie danych podczas odwiedzania naszej strony internetowej<\/span><\/strong><\/p>\n<p class=\"tm15\"><span class=\"tm16\"><\/span><span class=\"tm11\">Je\u015bli u\u017cytkownik korzysta z naszej strony internetowej wy\u0142\u0105cznie w celach informacyjnych, tj. je\u015bli nie rejestruje si\u0119 ani w inny spos\u00f3b nie przekazuje nam informacji, gromadzimy wy\u0142\u0105cznie dane przesy\u0142ane przez przegl\u0105dark\u0119 u\u017cytkownika na nasz serwer (tzw. &#8222;pliki dziennika serwera&#8221;). Gdy u\u017cytkownik uzyskuje dost\u0119p do naszej strony internetowej, gromadzimy nast\u0119puj\u0105ce dane, kt\u00f3re s\u0105 technicznie niezb\u0119dne do wy\u015bwietlenia strony internetowej u\u017cytkownikowi: <\/span><\/p>\n<ul class=\"tm19\">\n<li class=\"tm20\"><span class=\"tm16\"><\/span><span class=\"tm11\">Nasza odwiedzana strona<\/span><\/li>\n<li class=\"tm21\"><span class=\"tm16\"><\/span><span class=\"tm11\">Data i godzina w momencie dost\u0119pu<\/span><\/li>\n<li class=\"tm21\"><span class=\"tm16\"><\/span><span class=\"tm11\">Ilo\u015b\u0107 wys\u0142anych danych w bajtach<\/span><\/li>\n<li class=\"tm21\"><span class=\"tm16\"><\/span><span class=\"tm11\">\u0179r\u00f3d\u0142o\/odno\u015bnik, z kt\u00f3rego u\u017cytkownik wszed\u0142 na stron\u0119<\/span><\/li>\n<li class=\"tm21\"><span class=\"tm16\"><\/span><span class=\"tm11\">U\u017cywana przegl\u0105darka<\/span><\/li>\n<li class=\"tm21\"><span class=\"tm16\"><\/span><span class=\"tm11\">U\u017cywany system operacyjny<\/span><\/li>\n<li class=\"tm21\"><span class=\"tm16\"><\/span><span class=\"tm11\">U\u017cyty adres IP (je\u015bli dotyczy: w formie zanonimizowanej)<\/span><\/li>\n<\/ul>\n<p><span class=\"tm11\">Przetwarzanie odbywa si\u0119 zgodnie z art. 6 ust. 1 lit. f RODO na podstawie naszego uzasadnionego interesu w poprawie stabilno\u015bci i funkcjonalno\u015bci naszej strony internetowej. Dane nie s\u0105 przekazywane ani wykorzystywane w \u017caden inny spos\u00f3b. Zastrzegamy sobie jednak prawo do p\u00f3\u017aniejszego sprawdzenia plik\u00f3w dziennika serwera, je\u015bli istniej\u0105 konkretne przes\u0142anki wskazuj\u0105ce na niezgodne z prawem u\u017cycie.    <\/span><\/p>\n<p class=\"tm8\"><strong><span class=\"tm9\">3) Ciasteczka<\/span><\/strong><\/p>\n<p class=\"tm10\"><span class=\"tm11\">Aby uatrakcyjni\u0107 odwiedzanie naszej strony internetowej i umo\u017cliwi\u0107 korzystanie z niekt\u00f3rych funkcji, u\u017cywamy plik\u00f3w cookie, tj. ma\u0142ych plik\u00f3w tekstowych, kt\u00f3re s\u0105 przechowywane na urz\u0105dzeniu ko\u0144cowym u\u017cytkownika. Niekt\u00f3re z tych plik\u00f3w cookie s\u0105 automatycznie usuwane po zamkni\u0119ciu przegl\u0105darki (tzw. &#8222;sesyjne pliki cookie&#8221;), podczas gdy inne pozostaj\u0105 na urz\u0105dzeniu u\u017cytkownika przez d\u0142u\u017cszy czas i umo\u017cliwiaj\u0105 zapisanie ustawie\u0144 strony (tzw. &#8222;trwa\u0142e pliki cookie&#8221;). W tym drugim przypadku okres przechowywania mo\u017cna znale\u017a\u0107 w przegl\u0105dzie ustawie\u0144 plik\u00f3w cookie w przegl\u0105darce internetowej.  <\/span><\/p>\n<p class=\"tm10\"><span class=\"tm11\">Je\u015bli dane osobowe s\u0105 r\u00f3wnie\u017c przetwarzane przez poszczeg\u00f3lne pliki cookie u\u017cywane przez nas, przetwarzanie odbywa si\u0119 zgodnie z art. 6 ust. 1 lit. b RODO albo w celu wykonania umowy, zgodnie z art. 6 ust. 1 lit. a RODO w przypadku udzielonej zgody lub zgodnie z art. 6 ust. 1 lit. f RODO w celu zabezpieczenia naszych uzasadnionych interes\u00f3w w zakresie najlepszej mo\u017cliwej funkcjonalno\u015bci strony internetowej oraz przyjaznego dla klienta i skutecznego projektowania odwiedzin strony.      <\/span><\/p>\n<p class=\"tm10\"><span class=\"tm11\">U\u017cytkownik mo\u017ce ustawi\u0107 swoj\u0105 przegl\u0105dark\u0119 w taki spos\u00f3b, aby by\u0142 informowany o ustawieniach plik\u00f3w cookie i m\u00f3g\u0142 indywidualnie decydowa\u0107 o ich akceptacji lub wy\u0142\u0105czeniu akceptacji plik\u00f3w cookie w okre\u015blonych przypadkach lub og\u00f3lnie.<\/span><\/p>\n<p class=\"tm10\"><span class=\"tm11\">Nale\u017cy pami\u0119ta\u0107, \u017ce w przypadku braku akceptacji plik\u00f3w cookie funkcjonalno\u015b\u0107 naszej witryny mo\u017ce by\u0107 ograniczona.<\/span><\/p>\n<p class=\"tm8\"><strong><span class=\"tm9\">4) Nawi\u0105zywanie kontaktu<\/span><\/strong><\/p>\n<p class=\"tm10\"><span class=\"tm11\">Dane osobowe s\u0105 gromadzone, gdy u\u017cytkownik kontaktuje si\u0119 z nami (np. za po\u015brednictwem formularza kontaktowego lub wiadomo\u015bci e-mail). Dane gromadzone podczas korzystania z formularza kontaktowego mo\u017cna sprawdzi\u0107 w odpowiednim formularzu kontaktowym. Dane te s\u0105 przechowywane i wykorzystywane wy\u0142\u0105cznie w celu udzielenia odpowiedzi na zapytanie u\u017cytkownika lub w celu skontaktowania si\u0119 z u\u017cytkownikiem i zwi\u0105zan\u0105 z tym administracj\u0105 techniczn\u0105.  <\/span><\/p>\n<p class=\"tm10\"><span class=\"tm11\">Podstaw\u0105 prawn\u0105 przetwarzania tych danych jest nasz uzasadniony interes polegaj\u0105cy na udzieleniu odpowiedzi na \u017c\u0105danie u\u017cytkownika zgodnie z art. 6 ust. 1 lit. f RODO. Je\u015bli kontakt ma na celu zawarcie umowy, dodatkow\u0105 podstaw\u0105 prawn\u0105 przetwarzania jest art. 6 ust. 1 lit. b RODO. Dane u\u017cytkownika zostan\u0105 usuni\u0119te po ostatecznym przetworzeniu zapytania. Ma to miejsce w przypadku, gdy z okoliczno\u015bci mo\u017cna wywnioskowa\u0107, \u017ce dana sprawa zosta\u0142a ostatecznie wyja\u015bniona i pod warunkiem, \u017ce nie istniej\u0105 \u017cadne ustawowe obowi\u0105zki przechowywania danych.       <\/span><\/p>\n<p class=\"tm8\"><strong><span class=\"tm9\">5) Funkcjonalno\u015b\u0107 strony<\/span><\/strong><\/p>\n<p class=\"tm10\"><span class=\"tm11\">YouTube<\/span><\/p>\n<p class=\"tm10\"><span class=\"tm11\">Ta strona internetowa wykorzystuje wtyczki do wy\u015bwietlania i odtwarzania film\u00f3w od nast\u0119puj\u0105cego dostawcy: Google Ireland Limited, Gordon House, 4 Barrow St, Dublin, D04 E5W5, Irlandia<\/span><\/p>\n<p class=\"tm10\"><span class=\"tm11\">Dane mog\u0105 by\u0107 r\u00f3wnie\u017c przekazywane do: Google LLC, USA<\/span><\/p>\n<p class=\"tm10\"><span class=\"tm11\">Po wej\u015bciu na stron\u0119 naszej witryny, kt\u00f3ra zawiera tak\u0105 wtyczk\u0119, przegl\u0105darka nawi\u0105zuje bezpo\u015brednie po\u0142\u0105czenie z serwerami dostawcy w celu za\u0142adowania wtyczki. W trakcie tego procesu pewne informacje, w tym adres IP u\u017cytkownika, s\u0105 przesy\u0142ane do dostawcy. <\/span><\/p>\n<p class=\"tm10\"><span class=\"tm11\">Je\u015bli odtwarzanie osadzonych film\u00f3w jest uruchamiane za po\u015brednictwem wtyczki, dostawca wykorzystuje r\u00f3wnie\u017c pliki cookie do zbierania informacji o zachowaniu u\u017cytkownika, tworzenia statystyk odtwarzania i zapobiegania niew\u0142a\u015bciwym zachowaniom.<\/span><\/p>\n<p class=\"tm10\"><span class=\"tm11\">Je\u015bli u\u017cytkownik jest zalogowany na konto u\u017cytkownika u dostawcy podczas wizyty na stronie, jego dane zostan\u0105 przypisane bezpo\u015brednio do jego konta po klikni\u0119ciu filmu. Je\u015bli u\u017cytkownik nie chce, aby jego dane by\u0142y powi\u0105zane z jego kontem, musi wylogowa\u0107 si\u0119 przed klikni\u0119ciem przycisku odtwarzania. <\/span><\/p>\n<p class=\"tm10\"><span class=\"tm11\">Wszystkie wy\u017cej wymienione procesy przetwarzania, w szczeg\u00f3lno\u015bci ustawienie plik\u00f3w cookie do odczytu informacji na u\u017cywanym urz\u0105dzeniu ko\u0144cowym, b\u0119d\u0105 mia\u0142y miejsce tylko wtedy, gdy u\u017cytkownik wyrazi na to wyra\u017an\u0105 zgod\u0119 zgodnie z art. 6 ust. 1 lit. a RODO. U\u017cytkownik mo\u017ce cofn\u0105\u0107 swoj\u0105 zgod\u0119 w dowolnym momencie ze skutkiem na przysz\u0142o\u015b\u0107, dezaktywuj\u0105c t\u0119 us\u0142ug\u0119 za pomoc\u0105 &#8222;narz\u0119dzia zgody na pliki cookie&#8221; dost\u0119pnego na stronie internetowej.    <\/span><\/p>\n<p class=\"tm10\"><span class=\"tm11\">W przypadku przekazywania danych do USA, dostawca odnosi si\u0119 do standardowych klauzul umownych Komisji Europejskiej, kt\u00f3re maj\u0105 na celu zapewnienie zgodno\u015bci z europejskim poziomem ochrony danych.<\/span><\/p>\n<p class=\"tm8\"><strong><span class=\"tm9\">6) Narz\u0119dzia i inne<\/span><\/strong><\/p>\n<p class=\"tm10\"><span class=\"tm11\"><\/span><strong><span class=\"tm12\">6.1<\/span><\/strong><span class=\"tm11\"> Narz\u0119dzie do wyra\u017cania zgody na pliki cookie<\/span><\/p>\n<p class=\"tm10\"><span class=\"tm11\">Ta strona internetowa wykorzystuje tak zwane &#8222;narz\u0119dzie zgody na pliki cookie&#8221; w celu uzyskania skutecznej zgody u\u017cytkownika na pliki cookie i aplikacje oparte na plikach cookie, kt\u00f3re wymagaj\u0105 zgody. &#8222;Narz\u0119dzie zgody na pliki cookie&#8221; jest wy\u015bwietlane u\u017cytkownikom po wej\u015bciu na stron\u0119 internetow\u0105 w formie interaktywnego interfejsu u\u017cytkownika, na kt\u00f3rym mo\u017cna wyrazi\u0107 zgod\u0119 na okre\u015blone pliki cookie i\/lub aplikacje oparte na plikach cookie, zaznaczaj\u0105c odpowiednie pole. Korzystaj\u0105c z tego narz\u0119dzia, wszystkie pliki cookie\/us\u0142ugi wymagaj\u0105ce zgody s\u0105 \u0142adowane tylko wtedy, gdy dany u\u017cytkownik wyrazi na to zgod\u0119, zaznaczaj\u0105c odpowiednie pole. Gwarantuje to, \u017ce takie pliki cookie s\u0105 ustawiane na urz\u0105dzeniu ko\u0144cowym u\u017cytkownika tylko wtedy, gdy wyra\u017cono na to zgod\u0119.   <\/span><\/p>\n<p class=\"tm10\"><span class=\"tm11\">Narz\u0119dzie ustawia technicznie niezb\u0119dne pliki cookie w celu zapisania preferencji dotycz\u0105cych plik\u00f3w cookie. Dane osobowe u\u017cytkownika nie s\u0105 przetwarzane w tym procesie. <\/span><\/p>\n<p class=\"tm10\"><span class=\"tm11\">Je\u015bli w indywidualnych przypadkach dane osobowe (takie jak adres IP) s\u0105 przetwarzane w celu przechowywania, przypisywania lub rejestrowania ustawie\u0144 plik\u00f3w cookie, odbywa si\u0119 to zgodnie z art. 6 ust. 1 lit. f RODO na podstawie naszego uzasadnionego interesu w zgodnym z prawem, dostosowanym do u\u017cytkownika i przyjaznym dla u\u017cytkownika zarz\u0105dzaniu zgod\u0105 na pliki cookie, a tym samym w zgodnym z prawem projekcie naszej strony internetowej.  <\/span><\/p>\n<p class=\"tm10\"><span class=\"tm11\">Inn\u0105 podstaw\u0105 prawn\u0105 przetwarzania danych jest art. 6 ust. 1 lit. c RODO. Jako administrator danych podlegamy prawnemu obowi\u0105zkowi uzale\u017cnienia korzystania z technicznie niepotrzebnych plik\u00f3w cookie od odpowiedniej zgody u\u017cytkownika.   <\/span><\/p>\n<p class=\"tm10\"><span class=\"tm11\">Zawarli\u015bmy z dostawc\u0105 umow\u0119 o przetwarzanie zam\u00f3wie\u0144, kt\u00f3ra zapewnia ochron\u0119 danych os\u00f3b odwiedzaj\u0105cych nasz\u0105 stron\u0119 internetow\u0105 i zabrania nieuprawnionego ujawniania ich stronom trzecim.<\/span><\/p>\n<p class=\"tm10\"><span class=\"tm11\">Dalsze informacje o operatorze i opcjach ustawie\u0144 narz\u0119dzia zgody na pliki cookie mo\u017cna znale\u017a\u0107 bezpo\u015brednio w odpowiednim interfejsie u\u017cytkownika na naszej stronie internetowej.<\/span><\/p>\n<p class=\"tm10\"><span class=\"tm11\"><\/span><strong><span class=\"tm12\">6.2<\/span><\/strong><span class=\"tm11\"> Mapy Google<\/span><\/p>\n<p class=\"tm10\"><span class=\"tm11\">Ta strona internetowa korzysta z us\u0142ugi map online od nast\u0119puj\u0105cego dostawcy: Google Maps (API) od Google Ireland Limited, Gordon House, 4 Barrow St, Dublin, D04 E5W5, Irlandia (&#8222;Google&#8221;).<\/span><\/p>\n<p class=\"tm10\"><span class=\"tm11\">Mapy Google to us\u0142uga internetowa s\u0142u\u017c\u0105ca do wy\u015bwietlania interaktywnych (l\u0105dowych) map w celu wizualizacji informacji geograficznych. Korzystanie z tej us\u0142ugi poka\u017ce Ci nasz\u0105 lokalizacj\u0119 i u\u0142atwi Ci znalezienie nas. <\/span><\/p>\n<p class=\"tm10\"><span class=\"tm11\">Informacje o korzystaniu przez u\u017cytkownika z naszej strony internetowej (takie jak adres IP) s\u0105 przesy\u0142ane na serwery Google i tam przechowywane, gdy tylko u\u017cytkownik uzyska dost\u0119p do podstron, na kt\u00f3rych zintegrowana jest mapa Google Maps; informacje te mog\u0105 by\u0107 r\u00f3wnie\u017c przesy\u0142ane na serwery Google LLC. w USA. Dzieje si\u0119 tak niezale\u017cnie od tego, czy Google udost\u0119pnia konto u\u017cytkownika, za po\u015brednictwem kt\u00f3rego u\u017cytkownik jest zalogowany, czy te\u017c konto u\u017cytkownika istnieje. Je\u015bli u\u017cytkownik jest zalogowany w Google, jego dane zostan\u0105 przypisane bezpo\u015brednio do jego konta. Je\u015bli u\u017cytkownik nie chce, aby jego dane by\u0142y powi\u0105zane z jego profilem Google, musi wylogowa\u0107 si\u0119 przed aktywacj\u0105 przycisku. Google przechowuje dane u\u017cytkownika (nawet w przypadku u\u017cytkownik\u00f3w niezalogowanych) jako profile u\u017cytkowania i analizuje je.     <\/span><\/p>\n<p class=\"tm10\"><span class=\"tm11\">Gromadzenie, przechowywanie i ocena s\u0105 przeprowadzane zgodnie z art. 6 ust. 1 lit. f RODO na podstawie uzasadnionego interesu Google w zakresie wy\u015bwietlania spersonalizowanych reklam, bada\u0144 rynku i\/lub projektowania witryn Google w oparciu o potrzeby. U\u017cytkownik ma prawo sprzeciwi\u0107 si\u0119 tworzeniu tych profili u\u017cytkownik\u00f3w, przy czym w celu skorzystania z tego prawa nale\u017cy skontaktowa\u0107 si\u0119 z Google. Je\u015bli u\u017cytkownik nie wyra\u017ca zgody na przekazywanie w przysz\u0142o\u015bci swoich danych do Google w zwi\u0105zku z korzystaniem z Google Maps, ma r\u00f3wnie\u017c mo\u017cliwo\u015b\u0107 ca\u0142kowitej dezaktywacji us\u0142ugi internetowej Google Maps poprzez wy\u0142\u0105czenie aplikacji JavaScript w przegl\u0105darce. Google Maps, a tym samym wy\u015bwietlanie map na tej stronie internetowej, nie mo\u017ce by\u0107 wtedy u\u017cywane.     <\/span><\/p>\n<p class=\"tm10\"><span class=\"tm11\">W zakresie wymaganym przez prawo uzyskali\u015bmy zgod\u0119 u\u017cytkownika na przetwarzanie jego danych w spos\u00f3b opisany powy\u017cej zgodnie z art. 6 ust. 1 lit. a RODO. U\u017cytkownik mo\u017ce odwo\u0142a\u0107 swoj\u0105 zgod\u0119 w dowolnym momencie ze skutkiem na przysz\u0142o\u015b\u0107. Aby skorzysta\u0107 z prawa do cofni\u0119cia zgody, nale\u017cy post\u0119powa\u0107 zgodnie z opisan\u0105 powy\u017cej opcj\u0105 zg\u0142aszania sprzeciwu.    <\/span><\/p>\n<p class=\"tm8\"><strong><span class=\"tm9\">7) Prawa osoby, kt\u00f3rej dane dotycz\u0105<\/span><\/strong><\/p>\n<p class=\"tm10\"><span class=\"tm11\"><\/span><strong><span class=\"tm12\">7.1<\/span><\/strong><span class=\"tm11\"> Obowi\u0105zuj\u0105ce przepisy o ochronie danych osobowych przyznaj\u0105 u\u017cytkownikowi nast\u0119puj\u0105ce prawa osoby, kt\u00f3rej dane dotycz\u0105 (prawa dost\u0119pu i interwencji) wobec administratora w odniesieniu do przetwarzania danych osobowych, przy czym nale\u017cy odnie\u015b\u0107 si\u0119 do podanej podstawy prawnej dla odpowiednich wymog\u00f3w dotycz\u0105cych wykonywania:<\/span><\/p>\n<ul class=\"tm22\">\n<li class=\"tm23\"><span class=\"tm11\">Prawo do informacji zgodnie z art. 15 RODO;<\/span><\/li>\n<li class=\"tm24\"><span class=\"tm11\">Prawo do sprostowania danych zgodnie z art. 16 RODO;<\/span><\/li>\n<li class=\"tm24\"><span class=\"tm11\">Prawo do usuni\u0119cia danych zgodnie z art. 17 RODO;<\/span><\/li>\n<li class=\"tm24\"><span class=\"tm11\">Prawo do ograniczenia przetwarzania zgodnie z art. 18 RODO;<\/span><\/li>\n<li class=\"tm24\"><span class=\"tm11\">Prawo do informacji zgodnie z art. 19 RODO;<\/span><\/li>\n<li class=\"tm24\"><span class=\"tm11\">Prawo do przenoszenia danych zgodnie z art. 20 RODO;<\/span><\/li>\n<li class=\"tm24\"><span class=\"tm11\">Prawo do wycofania zgody udzielonej zgodnie z art. 7 (3) RODO; <\/span><\/li>\n<li class=\"tm24\"><span class=\"tm11\">Prawo do z\u0142o\u017cenia skargi zgodnie z art. 77 RODO.<\/span><\/li>\n<\/ul>\n<p><span class=\"tm11\"><\/span><strong><span class=\"tm12\">7.2<\/span><\/strong><span class=\"tm11\"> PRAWO DO SPRZECIWU<\/span><\/p>\n<p class=\"tm10\"><span class=\"tm11\">JE\u015aLI PRZETWARZAMY DANE OSOBOWE U\u017bYTKOWNIKA W RAMACH R\u00d3WNOWA\u017bENIA INTERES\u00d3W NA PODSTAWIE NASZEGO NADRZ\u0118DNEGO PRAWNIE UZASADNIONEGO INTERESU, U\u017bYTKOWNIK MA PRAWO W DOWOLNYM MOMENCIE WNIE\u015a\u0106 SPRZECIW WOBEC TAKIEGO PRZETWARZANIA ZE SKUTKIEM NA PRZYSZ\u0141O\u015a\u0106 Z PRZYCZYN ZWI\u0104ZANYCH Z JEGO SZCZEG\u00d3LN\u0104 SYTUACJ\u0104.<\/span><\/p>\n<p class=\"tm10\"><span class=\"tm11\">JE\u015aLI U\u017bYTKOWNIK SKORZYSTA Z PRAWA DO SPRZECIWU, ZAPRZESTANIEMY PRZETWARZANIA PRZEDMIOTOWYCH DANYCH. ZASTRZEGAMY SOBIE JEDNAK PRAWO DO KONTYNUOWANIA PRZETWARZANIA DANYCH, JE\u015aLI B\u0118DZIEMY W STANIE WYKAZA\u0106 WA\u017bNE I UZASADNIONE PODSTAWY PRZETWARZANIA, KT\u00d3RE S\u0104 NADRZ\u0118DNE W STOSUNKU DO INTERES\u00d3W, PODSTAWOWYCH PRAW I WOLNO\u015aCI U\u017bYTKOWNIKA, LUB JE\u015aLI PRZETWARZANIE S\u0141U\u017bY USTANOWIENIU, WYKONANIU LUB OBRONIE ROSZCZE\u0143 PRAWNYCH. <\/span><\/p>\n<p class=\"tm10\"><span class=\"tm11\">JE\u015aLI DANE OSOBOWE U\u017bYTKOWNIKA S\u0104 PRZETWARZANE PRZEZ NAS DO CEL\u00d3W MARKETINGU BEZPO\u015aREDNIEGO, U\u017bYTKOWNIK MA PRAWO W DOWOLNYM MOMENCIE SPRZECIWI\u0106 SI\u0118 PRZETWARZANIU DOTYCZ\u0104CYCH GO DANYCH OSOBOWYCH DO CEL\u00d3W TAKIEGO MARKETINGU. U\u017bYTKOWNIK MO\u017bE WYKONA\u0106 SW\u00d3J SPRZECIW W SPOS\u00d3B OPISANY POWY\u017bEJ. <\/span><\/p>\n<p class=\"tm10\"><span class=\"tm11\">JE\u015aLI U\u017bYTKOWNIK SKORZYSTA Z PRAWA DO SPRZECIWU, ZAPRZESTANIEMY PRZETWARZANIA PRZEDMIOTOWYCH DANYCH DO CEL\u00d3W MARKETINGU BEZPO\u015aREDNIEGO.<\/span><\/p>\n<p class=\"tm8\"><strong><span class=\"tm9\">8) Okres przechowywania danych osobowych<\/span><\/strong><\/p>\n<p class=\"tm10\"><span class=\"tm11\">Okres przechowywania danych osobowych jest okre\u015blony przez odpowiedni\u0105 podstaw\u0119 prawn\u0105, cel przetwarzania oraz &#8211; w stosownych przypadkach &#8211; dodatkowo przez odpowiedni ustawowy okres przechowywania (np. okresy przechowywania zgodnie z prawem handlowym i podatkowym).<\/span><\/p>\n<p class=\"tm10\"><span class=\"tm11\">W przypadku przetwarzania danych osobowych na podstawie wyra\u017anej zgody zgodnie z art. 6 ust. 1 lit. a RODO, przedmiotowe dane b\u0119d\u0105 przechowywane do momentu odwo\u0142ania zgody.  <\/span><\/p>\n<p class=\"tm10\"><span class=\"tm11\">Je\u015bli istniej\u0105 ustawowe okresy przechowywania danych, kt\u00f3re s\u0105 przetwarzane w ramach zobowi\u0105za\u0144 prawnych lub podobnych na podstawie art. 6 ust. 1 lit. b RODO, dane te b\u0119d\u0105 rutynowo usuwane po up\u0142ywie okres\u00f3w przechowywania, pod warunkiem, \u017ce nie s\u0105 ju\u017c wymagane do realizacji umowy lub rozpocz\u0119cia umowy i\/lub nie mamy ju\u017c uzasadnionego interesu w dalszym przechowywaniu.  <\/span><\/p>\n<p class=\"tm10\"><span class=\"tm11\">W przypadku przetwarzania danych osobowych na podstawie art. 6 ust. 1 lit. f RODO dane te b\u0119d\u0105 przechowywane do czasu skorzystania przez u\u017cytkownika z prawa do sprzeciwu zgodnie z art. 21 ust. 1 RODO, chyba \u017ce b\u0119dziemy w stanie wykaza\u0107 istnienie wa\u017cnych prawnie uzasadnionych podstaw do przetwarzania, nadrz\u0119dnych wobec interes\u00f3w, praw i wolno\u015bci u\u017cytkownika, lub przetwarzanie s\u0142u\u017cy ustaleniu, dochodzeniu lub obronie roszcze\u0144 prawnych.   <\/span><\/p>\n<p class=\"tm10\"><span class=\"tm11\">W przypadku przetwarzania danych osobowych do cel\u00f3w marketingu bezpo\u015bredniego na podstawie art. 6 ust. 1 lit. f RODO dane te s\u0105 przechowywane do momentu skorzystania przez u\u017cytkownika z prawa do sprzeciwu zgodnie z art. 21 ust. 2 RODO.   <\/span><\/p>\n<p class=\"tm10\"><span class=\"tm11\">O ile nie okre\u015blono inaczej w innych informacjach w niniejszym o\u015bwiadczeniu dotycz\u0105cych konkretnych sytuacji przetwarzania, przechowywane dane osobowe s\u0105 usuwane, gdy nie s\u0105 ju\u017c potrzebne do cel\u00f3w, dla kt\u00f3rych zosta\u0142y zebrane lub w inny spos\u00f3b przetworzone.<\/span><\/p>\n<p class=\"tm26\"><span class=\"tm11\">Status: 14.04.2023, 19:07:02 h<\/span><\/p>\n<h6 class=\"tm10\"><em><span class=\"tm11\">Wykorzystanie technologii SalesViewer\u00ae:<\/span><\/em><\/h6>\n<h6 class=\"tm10\"><em><span class=\"tm11\">Niniejsza strona internetowa wykorzystuje technologi\u0119 SalesViewer\u00ae firmy SalesViewer\u00ae GmbH do gromadzenia i przechowywania danych w celach marketingowych, bada\u0144 rynkowych i optymalizacji na podstawie uzasadnionych interes\u00f3w operatora strony internetowej (art. 6 ust. 1 lit. f) RODO).<\/span><\/em><\/h6>\n<h6 class=\"tm10\"><em><span class=\"tm11\">W tym celu kod oparty na javascript jest u\u017cywany do gromadzenia danych zwi\u0105zanych z firm\u0105 i odpowiednim wykorzystaniem. Dane gromadzone przy u\u017cyciu tej technologii s\u0105 szyfrowane przy u\u017cyciu nieodwracalnej funkcji jednokierunkowej (znanej jako hashowanie). Dane s\u0105 natychmiast pseudonimizowane i nie s\u0105 wykorzystywane do osobistej identyfikacji osoby odwiedzaj\u0105cej t\u0119 witryn\u0119.  <\/span><\/em><\/h6>\n<h6 class=\"tm10\"><em><span class=\"tm11\">Dane przechowywane w kontek\u015bcie Salesviewer zostan\u0105 usuni\u0119te, gdy tylko przestan\u0105 by\u0107 potrzebne do zamierzonego celu, a usuni\u0119cie nie b\u0119dzie sprzeczne z \u017cadnymi ustawowymi obowi\u0105zkami przechowywania.<\/span><\/em><\/h6>\n<h6 class=\"tm10\"><em><span class=\"tm11\">U\u017cytkownik mo\u017ce w dowolnym momencie sprzeciwi\u0107 si\u0119 gromadzeniu i przechowywaniu danych ze skutkiem na przysz\u0142o\u015b\u0107, klikaj\u0105c ten link <\/span><u><a href=\"https:\/\/www.salesviewer.com\/opt-out\"><span class=\"tm27\">https:\/\/www.salesviewer.com\/opt-out<\/span><\/a><\/u><span class=\"tm11\">  aby uniemo\u017cliwi\u0107 SalesViewer\u00ae gromadzenie danych na tej stronie w przysz\u0142o\u015bci. Plik cookie opt-out dla tej witryny zostanie zapisany na urz\u0105dzeniu u\u017cytkownika. W przypadku usuni\u0119cia plik\u00f3w cookie w przegl\u0105darce nale\u017cy ponownie klikn\u0105\u0107 ten link.  <\/span><\/em><\/h6>\n<p>[\/et_pb_text][\/et_pb_column][\/et_pb_row][\/et_pb_section][et_pb_section fb_built=&#8221;1&#8243; admin_label=&#8221;Contact Form&#8221; _builder_version=&#8221;4.18.0&#8243; _module_preset=&#8221;default&#8221; background_color=&#8221;#545454&#8243; background_image=&#8221;https:\/\/www.prignitz-mst.de\/wp-content\/uploads\/2022\/09\/h2_hydrogen_application-scaled.jpeg&#8221; background_blend=&#8221;multiply&#8221; custom_margin=&#8221;||||false|false&#8221; custom_padding=&#8221;57px||0px||false|false&#8221; global_module=&#8221;316&#8243; saved_tabs=&#8221;all&#8221; locked=&#8221;off&#8221; global_colors_info=&#8221;{}&#8221;][et_pb_row column_structure=&#8221;1_4,1_4,1_4,1_4&#8243; _builder_version=&#8221;4.18.0&#8243; _module_preset=&#8221;default&#8221; custom_padding=&#8221;0px||66px|||&#8221; global_colors_info=&#8221;{}&#8221;][et_pb_column type=&#8221;1_4&#8243; _builder_version=&#8221;4.18.0&#8243; _module_preset=&#8221;default&#8221; animation_style=&#8221;fade&#8221; global_colors_info=&#8221;{}&#8221;][et_pb_image src=&#8221;https:\/\/www.prignitz-mst.de\/wp-content\/uploads\/2022\/09\/EC79_certificate.png&#8221; title_text=&#8221;EC79_certificate&#8221; align=&#8221;center&#8221; _builder_version=&#8221;4.18.0&#8243; _module_preset=&#8221;default&#8221; width=&#8221;60%&#8221; global_colors_info=&#8221;{}&#8221;][\/et_pb_image][et_pb_text _builder_version=&#8221;4.18.0&#8243; _module_preset=&#8221;default&#8221; text_text_color=&#8221;#FFFFFF&#8221; header_4_text_color=&#8221;#FFFFFF&#8221; text_orientation=&#8221;center&#8221; custom_margin=&#8221;20px||||false|false&#8221; global_colors_info=&#8221;{}&#8221;]<\/p>\n<h4>Certyfikat EC79<\/h4>\n<p>[\/et_pb_text][\/et_pb_column][et_pb_column type=&#8221;1_4&#8243; _builder_version=&#8221;4.18.0&#8243; _module_preset=&#8221;default&#8221; animation_style=&#8221;fade&#8221; animation_delay=&#8221;100ms&#8221; global_colors_info=&#8221;{}&#8221;][et_pb_image src=&#8221;https:\/\/www.prignitz-mst.de\/wp-content\/uploads\/2022\/09\/Ex_certificate.png&#8221; title_text=&#8221;Ex_certificate&#8221; align=&#8221;center&#8221; _builder_version=&#8221;4.18.0&#8243; _module_preset=&#8221;default&#8221; width=&#8221;60%&#8221; global_colors_info=&#8221;{}&#8221;][\/et_pb_image][et_pb_text _builder_version=&#8221;4.18.0&#8243; _module_preset=&#8221;default&#8221; text_text_color=&#8221;#FFFFFF&#8221; header_4_text_color=&#8221;#FFFFFF&#8221; text_orientation=&#8221;center&#8221; custom_margin=&#8221;20px||||false|false&#8221; global_colors_info=&#8221;{}&#8221;]<\/p>\n<h4>Certyfikat ATEX<\/h4>\n<p>[\/et_pb_text][\/et_pb_column][et_pb_column type=&#8221;1_4&#8243; _builder_version=&#8221;4.18.0&#8243; _module_preset=&#8221;default&#8221; animation_style=&#8221;fade&#8221; animation_delay=&#8221;200ms&#8221; global_colors_info=&#8221;{}&#8221;][et_pb_image src=&#8221;https:\/\/www.prignitz-mst.de\/wp-content\/uploads\/2022\/09\/SA_certificate.png&#8221; title_text=&#8221;SA_certificate&#8221; align=&#8221;center&#8221; _builder_version=&#8221;4.18.0&#8243; _module_preset=&#8221;default&#8221; width=&#8221;60%&#8221; global_colors_info=&#8221;{}&#8221;][\/et_pb_image][et_pb_text _builder_version=&#8221;4.18.0&#8243; _module_preset=&#8221;default&#8221; text_text_color=&#8221;#FFFFFF&#8221; header_4_text_color=&#8221;#FFFFFF&#8221; text_orientation=&#8221;center&#8221; custom_margin=&#8221;20px||||false|false&#8221; global_colors_info=&#8221;{}&#8221;]<\/p>\n<h4>Certyfikat CSA<\/h4>\n<p>[\/et_pb_text][\/et_pb_column][et_pb_column type=&#8221;1_4&#8243; _builder_version=&#8221;4.18.0&#8243; _module_preset=&#8221;default&#8221; animation_style=&#8221;fade&#8221; animation_delay=&#8221;300ms&#8221; global_colors_info=&#8221;{}&#8221;][et_pb_image src=&#8221;https:\/\/www.prignitz-mst.de\/wp-content\/uploads\/2022\/09\/iso-9001-certified.png&#8221; title_text=&#8221;certyfikat iso-9001&#8243; align=&#8221;center&#8221; _builder_version=&#8221;4.18.0&#8243; _module_preset=&#8221;default&#8221; width=&#8221;52%&#8221; global_colors_info=&#8221;{}&#8221;][\/et_pb_image][et_pb_text _builder_version=&#8221;4.18.0&#8243; _module_preset=&#8221;default&#8221; text_text_color=&#8221;#FFFFFF&#8221; header_4_text_color=&#8221;#FFFFFF&#8221; text_orientation=&#8221;center&#8221; custom_margin=&#8221;20px||||false|false&#8221; global_colors_info=&#8221;{}&#8221;]<\/p>\n<h4>Certyfikat ISO 9001 od 2006 r.<\/h4>\n<p>[\/et_pb_text][\/et_pb_column][\/et_pb_row][et_pb_row column_structure=&#8221;3_5,2_5&#8243; _builder_version=&#8221;4.18.0&#8243; _module_preset=&#8221;default&#8221; custom_padding=&#8221;0px||0px||false|false&#8221; global_colors_info=&#8221;{}&#8221;][et_pb_column type=&#8221;3_5&#8243; module_id=&#8221;et_pb_contact_form_1&#8243; _builder_version=&#8221;4.18.0&#8243; _module_preset=&#8221;default&#8221; background_color=&#8221;rgba(242,242,242,0.57)&#8221; custom_padding=&#8221;39px|35px|32px|35px|false|true&#8221; custom_padding_tablet=&#8221;60px||||false|false&#8221; custom_padding_phone=&#8221;40px||||false|false&#8221; custom_padding_last_edited=&#8221;on|phone&#8221; animation_style=&#8221;fade&#8221; border_radii=&#8221;on|10px|10px|10px|10px&#8221; global_colors_info=&#8221;{}&#8221;][et_pb_button button_url=&#8221;https:\/\/prignitz-mst.de&#8221; button_text=&#8221;Wi\u0119cej informacji o PRIGNITZ Mikrosystemtechnik&#8221; button_alignment=&#8221;center&#8221; _builder_version=&#8221;4.18.0&#8243; _module_preset=&#8221;default&#8221; custom_button=&#8221;on&#8221; button_text_size=&#8221;18px&#8221; button_text_color=&#8221;#FFFFFF&#8221; button_bg_color=&#8221;#1D9B41&#8243; button_border_width=&#8221;0px&#8221; button_on_hover=&#8221;off&#8221; custom_margin=&#8221;25px||32px||false|false&#8221; global_colors_info=&#8221;{}&#8221; button_border_width__hover_enabled=&#8221;on|hover&#8221; button_border_width__hover=&#8221;2px&#8221; button_text__hover_enabled=&#8221;off|hover&#8221;][\/et_pb_button][et_pb_text _builder_version=&#8221;4.18.0&#8243; _module_preset=&#8221;003e9429-8e11-4d9e-968b-8881092bbf81&#8243; text_text_color=&#8221;#FFFFFF&#8221; text_font_size=&#8221;18px&#8221; header_2_font=&#8221;|600|||||||&#8221; header_2_text_color=&#8221;#FFFFFF&#8221; header_2_font_size=&#8221;48px&#8221; header_2_line_height=&#8221;1.1em&#8221; header_3_font=&#8221;|700|||||||&#8221; header_3_text_align=&#8221;center&#8221; header_3_text_color=&#8221;#FFFFFF&#8221; header_3_font_size=&#8221;20px&#8221; text_orientation=&#8221;center&#8221; custom_margin=&#8221;||0px||false|false&#8221; header_2_font_size_tablet=&#8221;32px&#8221; header_2_font_size_phone=&#8221;20px&#8221; header_2_font_size_last_edited=&#8221;on|desktop&#8221; header_2_line_height_tablet=&#8221;1.2em&#8221; header_2_line_height_phone=&#8221;&#8221; header_2_line_height_last_edited=&#8221;on|phone&#8221; locked=&#8221;off&#8221; global_colors_info=&#8221;{}&#8221;]<\/p>\n<h3>Czy chcesz, aby\u015bmy oddzwonili do Ciebie w ci\u0105gu 24 godzin?<\/h3>\n<p>Wype\u0142nij poni\u017cszy formularz:<\/p>\n<p>[\/et_pb_text][et_pb_contact_form captcha=&#8221;off&#8221; _builder_version=&#8221;4.18.0&#8243; _module_preset=&#8221;4887c4ca-b556-4d68-8282-4de5bb2a0f5b&#8221; _unique_id=&#8221;aa6cf6df-65bb-48f9-9096-bb4d59fe5fd2&#8243; form_field_background_color=&#8221;#ffffff&#8221; form_field_text_color=&#8221;#545454&#8243; form_field_font=&#8221;|700|||||||&#8221; custom_button=&#8221;on&#8221; button_text_size=&#8221;14px&#8221; button_text_color=&#8221;#F2F2F2&#8243; button_bg_color=&#8221;#1D9B41&#8243; button_border_width=&#8221;0px&#8221; button_border_radius=&#8221;5px&#8221; button_font=&#8221;|700|||||||&#8221; button_custom_margin=&#8221;8px||||false|false&#8221; button_custom_padding=&#8221;15px|30px|15px|30px|true|true&#8221; custom_margin=&#8221;56px||36px||false|false&#8221; locked=&#8221;off&#8221; global_colors_info=&#8221;{}&#8221;][et_pb_contact_field field_id=&#8221;Name&#8221; field_title=&#8221;Imi\u0119 i nazwisko&#8221; fullwidth_field=&#8221;on&#8221; _builder_version=&#8221;4.18.0&#8243; _module_preset=&#8221;default&#8221; global_colors_info=&#8221;{}&#8221; button_text_size__hover_enabled=&#8221;off&#8221; button_one_text_size__hover_enabled=&#8221;off&#8221; button_two_text_size__hover_enabled=&#8221;off&#8221; button_text_color__hover_enabled=&#8221;off&#8221; button_one_text_color__hover_enabled=&#8221;off&#8221; button_two_text_color__hover_enabled=&#8221;off&#8221; button_border_width__hover_enabled=&#8221;off&#8221; button_one_border_width__hover_enabled=&#8221;off&#8221; button_two_border_width__hover_enabled=&#8221;off&#8221; button_border_color__hover_enabled=&#8221;off&#8221; button_one_border_color__hover_enabled=&#8221;off&#8221; button_two_border_color__hover_enabled=&#8221;off&#8221; button_border_radius__hover_enabled=&#8221;off&#8221; button_one_border_radius__hover_enabled=&#8221;off&#8221; button_two_border_radius__hover_enabled=&#8221;off&#8221; button_letter_spacing__hover_enabled=&#8221;off&#8221; button_one_letter_spacing__hover_enabled=&#8221;off&#8221; button_two_letter_spacing__hover_enabled=&#8221;off&#8221; button_bg_color__hover_enabled=&#8221;off&#8221; button_one_bg_color__hover_enabled=&#8221;off&#8221; button_two_bg_color__hover_enabled=&#8221;off&#8221;][\/et_pb_contact_field][et_pb_contact_field field_id=&#8221;Email&#8221; field_title=&#8221;Adres e-mail&#8221; field_type=&#8221;email&#8221; fullwidth_field=&#8221;on&#8221; _builder_version=&#8221;4.18.0&#8243; _module_preset=&#8221;default&#8221; global_colors_info=&#8221;{}&#8221; button_text_size__hover_enabled=&#8221;off&#8221; button_one_text_size__hover_enabled=&#8221;off&#8221; button_two_text_size__hover_enabled=&#8221;off&#8221; button_text_color__hover_enabled=&#8221;off&#8221; button_one_text_color__hover_enabled=&#8221;off&#8221; button_two_text_color__hover_enabled=&#8221;off&#8221; button_border_width__hover_enabled=&#8221;off&#8221; button_one_border_width__hover_enabled=&#8221;off&#8221; button_two_border_width__hover_enabled=&#8221;off&#8221; button_border_color__hover_enabled=&#8221;off&#8221; button_one_border_color__hover_enabled=&#8221;off&#8221; button_two_border_color__hover_enabled=&#8221;off&#8221; button_border_radius__hover_enabled=&#8221;off&#8221; button_one_border_radius__hover_enabled=&#8221;off&#8221; button_two_border_radius__hover_enabled=&#8221;off&#8221; button_letter_spacing__hover_enabled=&#8221;off&#8221; button_one_letter_spacing__hover_enabled=&#8221;off&#8221; button_two_letter_spacing__hover_enabled=&#8221;off&#8221; button_bg_color__hover_enabled=&#8221;off&#8221; button_one_bg_color__hover_enabled=&#8221;off&#8221; button_two_bg_color__hover_enabled=&#8221;off&#8221;][\/et_pb_contact_field][et_pb_contact_field field_id=&#8221;Telefon&#8221; field_title=&#8221;Numer telefonu&#8221; field_type=&#8221;email&#8221; fullwidth_field=&#8221;on&#8221; _builder_version=&#8221;4.18.0&#8243; _module_preset=&#8221;default&#8221; global_colors_info=&#8221;{}&#8221; button_text_size__hover_enabled=&#8221;off&#8221; button_one_text_size__hover_enabled=&#8221;off&#8221; button_two_text_size__hover_enabled=&#8221;off&#8221; button_text_color__hover_enabled=&#8221;off&#8221; button_one_text_color__hover_enabled=&#8221;off&#8221; button_two_text_color__hover_enabled=&#8221;off&#8221; button_border_width__hover_enabled=&#8221;off&#8221; button_one_border_width__hover_enabled=&#8221;off&#8221; button_two_border_width__hover_enabled=&#8221;off&#8221; button_border_color__hover_enabled=&#8221;off&#8221; button_one_border_color__hover_enabled=&#8221;off&#8221; button_two_border_color__hover_enabled=&#8221;off&#8221; button_border_radius__hover_enabled=&#8221;off&#8221; button_one_border_radius__hover_enabled=&#8221;off&#8221; button_two_border_radius__hover_enabled=&#8221;off&#8221; button_letter_spacing__hover_enabled=&#8221;off&#8221; button_one_letter_spacing__hover_enabled=&#8221;off&#8221; button_two_letter_spacing__hover_enabled=&#8221;off&#8221; button_bg_color__hover_enabled=&#8221;off&#8221; button_one_bg_color__hover_enabled=&#8221;off&#8221; button_two_bg_color__hover_enabled=&#8221;off&#8221;][\/et_pb_contact_field][\/et_pb_contact_form][\/et_pb_column][et_pb_column type=&#8221;2_5&#8243; _builder_version=&#8221;4.18.0&#8243; _module_preset=&#8221;default&#8221; background_enable_color=&#8221;off&#8221; custom_padding=&#8221;0px||0px||true|false&#8221; custom_padding_tablet=&#8221;60px||||false|false&#8221; custom_padding_phone=&#8221;40px||||false|false&#8221; custom_padding_last_edited=&#8221;on|phone&#8221; animation_style=&#8221;fade&#8221; animation_delay=&#8221;100ms&#8221; global_colors_info=&#8221;{}&#8221;][et_pb_image src=&#8221;https:\/\/www.prignitz-mst.de\/wp-content\/uploads\/2022\/09\/logotype_white.png&#8221; title_text=&#8221;logotype_white&#8221; _builder_version=&#8221;4.18.0&#8243; _module_preset=&#8221;default&#8221; width=&#8221;70%&#8221; module_alignment=&#8221;left&#8221; custom_margin=&#8221;-2px||10px||false|false&#8221; global_colors_info=&#8221;{}&#8221;][\/et_pb_image][et_pb_text _builder_version=&#8221;4.18.0&#8243; _module_preset=&#8221;default&#8221; header_2_font=&#8221;|700|||||||&#8221; header_2_text_color=&#8221;#FFFFFF&#8221; header_2_font_size=&#8221;18px&#8221; custom_margin=&#8221;34px||27px|||&#8221; global_colors_info=&#8221;{}&#8221;]<\/p>\n<h2>Skontaktuj si\u0119 z nami, a zaoferujemy Ci rozwi\u0105zanie dostosowane do potrzeb Twojej firmy.<\/h2>\n<p>[\/et_pb_text][et_pb_text _builder_version=&#8221;4.18.0&#8243; _module_preset=&#8221;default&#8221; text_text_color=&#8221;#FFFFFF&#8221; text_font_size=&#8221;18px&#8221; custom_margin=&#8221;6px|||||&#8221; global_colors_info=&#8221;{}&#8221;]<\/p>\n<p>PRIGNITZ Mikrosystemtechnik GmbH<\/p>\n<p>Margarethenstra\u00dfe 61 19322 Wittenberge Niemcy<\/p>\n<p>T<strong>elefon: <\/strong>+49 (0) 38 77 \/ 5 67 46-0<strong>Faks: <\/strong>+49 (0) 38 77 \/ 5 67 46-16<\/p>\n<p><strong>Mail: <\/strong>info@prignitz-mst.de<\/p>\n<p>[\/et_pb_text][et_pb_button button_url=&#8221;tel:+493877567460&#8243; button_text=&#8221;zadzwo\u0144 teraz&#8221; button_alignment=&#8221;left&#8221; _builder_version=&#8221;4.18.0&#8243; _module_preset=&#8221;default&#8221; custom_button=&#8221;on&#8221; button_text_size=&#8221;18px&#8221; button_text_color=&#8221;#FFFFFF&#8221; button_bg_color=&#8221;#1D9B41&#8243; button_border_width=&#8221;0px&#8221; button_letter_spacing=&#8221;1px&#8221; button_icon=&#8221;&#xe090;||divi||400&#8243; button_on_hover=&#8221;off&#8221; custom_padding=&#8221;12px|48px|12px|30px|true|false&#8221; button_border_width_last_edited=&#8221;off|desktop&#8221; global_colors_info=&#8221;{}&#8221; button_border_width__hover_enabled=&#8221;on|hover&#8221; button_border_width__hover=&#8221;2px&#8221; button_bg_color__hover_enabled=&#8221;on|hover&#8221; button_bg_color__hover=&#8221;#FFFFFF&#8221; button_bg_enable_color__hover=&#8221;on&#8221; button_text_color__hover_enabled=&#8221;on|hover&#8221; button_text_color__hover=&#8221;#1D9B41&#8243;][\/et_pb_button][et_pb_text _builder_version=&#8221;4.18.0&#8243; _module_preset=&#8221;5c989a74-8649-4b9a-a4a2-6d2b8ae2551c&#8221; text_text_color=&#8221;#FFFFFF&#8221; header_4_font=&#8221;|700||on|||||&#8221; header_4_text_color=&#8221;#FFFFFF&#8221; header_4_font_size=&#8221;14px&#8221; header_4_letter_spacing=&#8221;0.2em&#8221; header_4_line_height=&#8221;1.5em&#8221; custom_margin=&#8221;28px||0px||false|false&#8221; locked=&#8221;off&#8221; global_colors_info=&#8221;{}&#8221;]<\/p>\n<h4>\u015bled\u017a nas<\/h4>\n<p>[\/et_pb_text][et_pb_social_media_follow icon_color=&#8221;#FFFFFF&#8221; _builder_version=&#8221;4.18.0&#8243; _module_preset=&#8221;default&#8221; custom_margin=&#8221;|||-10px|false|false&#8221; custom_padding=&#8221;||||false|false&#8221; global_colors_info=&#8221;{}&#8221;][et_pb_social_media_follow_network social_network=&#8221;facebook&#8221; url=&#8221;https:\/\/www.facebook.com\/PrignitzMikrosystemtechnik&#8221; _builder_version=&#8221;4.18.0&#8243; _module_preset=&#8221;default&#8221; background_enable_color=&#8221;off&#8221; global_colors_info=&#8221;{}&#8221; follow_button=&#8221;off&#8221; url_new_window=&#8221;on&#8221;]facebook[\/et_pb_social_media_follow_network][et_pb_social_media_follow_network social_network=&#8221;linkedin&#8221; url=&#8221;https:\/\/www.linkedin.com\/company\/prignitz-mikrosystemtechnik\/&#8221; _builder_version=&#8221;4.18.0&#8243; _module_preset=&#8221;default&#8221; background_color=&#8221;RGBA(255,255,255,0)&#8221; background_enable_color=&#8221;on&#8221; global_colors_info=&#8221;{}&#8221; follow_button=&#8221;off&#8221; url_new_window=&#8221;on&#8221;]linkedin[\/et_pb_social_media_follow_network][\/et_pb_social_media_follow][\/et_pb_column][\/et_pb_row][et_pb_row column_structure=&#8221;1_4,1_4,1_4,1_4&#8243; _builder_version=&#8221;4.18.0&#8243; _module_preset=&#8221;default&#8221; background_enable_color=&#8221;off&#8221; custom_margin=&#8221;13px|auto||auto|false|false&#8221; custom_padding=&#8221;103px||43px|||&#8221; global_colors_info=&#8221;{}&#8221;][et_pb_column type=&#8221;1_4&#8243; _builder_version=&#8221;4.18.0&#8243; _module_preset=&#8221;default&#8221; animation_style=&#8221;fade&#8221; global_colors_info=&#8221;{}&#8221;][et_pb_image src=&#8221;https:\/\/www.prignitz-mst.de\/wp-content\/uploads\/2022\/09\/pressure.png&#8221; title_text=&#8221;ci\u015bnienie&#8221; align=&#8221;center&#8221; _builder_version=&#8221;4.18.0&#8243; _module_preset=&#8221;default&#8221; width=&#8221;50%&#8221; global_colors_info=&#8221;{}&#8221;][\/et_pb_image][et_pb_text _builder_version=&#8221;4.18.0&#8243; _module_preset=&#8221;default&#8221; text_font=&#8221;|||on|||||&#8221; text_text_color=&#8221;#F2F2F2&#8243; header_2_text_color=&#8221;#F2F2F2&#8243; header_2_font_size=&#8221;21px&#8221; text_orientation=&#8221;center&#8221; module_alignment=&#8221;center&#8221; global_colors_info=&#8221;{}&#8221;]<\/p>\n<h2>ci\u015bnienie<\/h2>\n<p>[\/et_pb_text][\/et_pb_column][et_pb_column type=&#8221;1_4&#8243; _builder_version=&#8221;4.18.0&#8243; _module_preset=&#8221;default&#8221; animation_style=&#8221;fade&#8221; animation_delay=&#8221;50ms&#8221; global_colors_info=&#8221;{}&#8221;][et_pb_image src=&#8221;https:\/\/www.prignitz-mst.de\/wp-content\/uploads\/2022\/09\/level.png&#8221; title_text=&#8221;poziom&#8221; align=&#8221;center&#8221; _builder_version=&#8221;4.18.0&#8243; _module_preset=&#8221;default&#8221; width=&#8221;50%&#8221; global_colors_info=&#8221;{}&#8221;][\/et_pb_image][et_pb_text _builder_version=&#8221;4.18.0&#8243; _module_preset=&#8221;default&#8221; text_font=&#8221;|||on|||||&#8221; header_2_text_color=&#8221;#F2F2F2&#8243; header_2_font_size=&#8221;21px&#8221; text_orientation=&#8221;center&#8221; module_alignment=&#8221;center&#8221; global_colors_info=&#8221;{}&#8221;]<\/p>\n<h2>poziom<\/h2>\n<p>[\/et_pb_text][\/et_pb_column][et_pb_column type=&#8221;1_4&#8243; _builder_version=&#8221;4.18.0&#8243; _module_preset=&#8221;default&#8221; animation_style=&#8221;fade&#8221; animation_delay=&#8221;100ms&#8221; global_colors_info=&#8221;{}&#8221;][et_pb_image src=&#8221;https:\/\/www.prignitz-mst.de\/wp-content\/uploads\/2022\/09\/temperature.png&#8221; title_text=&#8221;temperatura&#8221; align=&#8221;center&#8221; _builder_version=&#8221;4.18.0&#8243; _module_preset=&#8221;default&#8221; width=&#8221;50%&#8221; global_colors_info=&#8221;{}&#8221;][\/et_pb_image][et_pb_text _builder_version=&#8221;4.18.0&#8243; _module_preset=&#8221;default&#8221; text_font=&#8221;|||on|||||&#8221; header_2_text_color=&#8221;#F2F2F2&#8243; header_2_font_size=&#8221;21px&#8221; text_orientation=&#8221;center&#8221; module_alignment=&#8221;center&#8221; global_colors_info=&#8221;{}&#8221;]<\/p>\n<h2>temperatura<\/h2>\n<p>[\/et_pb_text][\/et_pb_column][et_pb_column type=&#8221;1_4&#8243; _builder_version=&#8221;4.18.0&#8243; _module_preset=&#8221;default&#8221; animation_style=&#8221;fade&#8221; animation_delay=&#8221;150ms&#8221; global_colors_info=&#8221;{}&#8221;][et_pb_image src=&#8221;https:\/\/www.prignitz-mst.de\/wp-content\/uploads\/2022\/09\/calibration.png&#8221; title_text=&#8221;kalibracja&#8221; align=&#8221;center&#8221; _builder_version=&#8221;4.18.0&#8243; _module_preset=&#8221;default&#8221; width=&#8221;50%&#8221; global_colors_info=&#8221;{}&#8221;][\/et_pb_image][et_pb_text _builder_version=&#8221;4.18.0&#8243; _module_preset=&#8221;default&#8221; text_font=&#8221;|||on|||||&#8221; header_2_text_color=&#8221;#F2F2F2&#8243; header_2_font_size=&#8221;21px&#8221; header_2_line_height=&#8221;1.1em&#8221; text_orientation=&#8221;center&#8221; module_alignment=&#8221;center&#8221; global_colors_info=&#8221;{}&#8221;]<\/p>\n<h2>kalibracja i serwis<\/h2>\n<p>[\/et_pb_text][\/et_pb_column][\/et_pb_row][et_pb_row _builder_version=&#8221;4.18.0&#8243; _module_preset=&#8221;default&#8221; global_colors_info=&#8221;{}&#8221;][et_pb_column type=&#8221;4_4&#8243; _builder_version=&#8221;4.18.0&#8243; _module_preset=&#8221;default&#8221; global_colors_info=&#8221;{}&#8221;][et_pb_text _builder_version=&#8221;4.18.0&#8243; _module_preset=&#8221;default&#8221; header_font=&#8221;|||on|||||&#8221; header_text_color=&#8221;#FFFFFF&#8221; header_font_size=&#8221;23px&#8221; header_letter_spacing=&#8221;1px&#8221; header_3_text_color=&#8221;#FFFFFF&#8221; header_3_font_size=&#8221;20px&#8221; text_orientation=&#8221;center&#8221; custom_margin=&#8221;||14px|||&#8221; animation_style=&#8221;fade&#8221; global_colors_info=&#8221;{}&#8221;]<\/p>\n<h3>kr\u00f3tki film o technologii wodorowej i firmie PRIGNITZ Mikrosystemtechnik:<\/h3>\n<p>[\/et_pb_text][et_pb_video src=&#8221;https:\/\/www.prignitz-mst.de\/wp-content\/uploads\/2022\/10\/PRIGNITZ_Edit_05.mp4&#8243; image_src=&#8221;https:\/\/www.prignitz-mst.de\/wp-content\/uploads\/2022\/09\/p2p_sensors_mikroskop.jpg&#8221; _builder_version=&#8221;4.18.0&#8243; _module_preset=&#8221;default&#8221; width=&#8221;80%&#8221; module_alignment=&#8221;center&#8221; custom_padding=&#8221;||2px|||&#8221; animation_style=&#8221;fade&#8221; global_colors_info=&#8221;{}&#8221;][\/et_pb_video][\/et_pb_column][\/et_pb_row][et_pb_row _builder_version=&#8221;4.18.0&#8243; _module_preset=&#8221;default&#8221; global_colors_info=&#8221;{}&#8221;][et_pb_column type=&#8221;4_4&#8243; _builder_version=&#8221;4.18.0&#8243; _module_preset=&#8221;default&#8221; global_colors_info=&#8221;{}&#8221;][et_pb_text _builder_version=&#8221;4.18.0&#8243; _module_preset=&#8221;default&#8221; text_text_color=&#8221;#FFFFFF&#8221; text_font_size=&#8221;12px&#8221; global_colors_info=&#8221;{}&#8221;]<\/p>\n<p>\u00ae 2022 PRIGNITZ Mikrosystemtechnik GmbH Wszelkie prawa zastrze\u017cone. \/ Wszelkie prawa zastrze\u017cone. <\/p>\n<p>[\/et_pb_text][\/et_pb_column][\/et_pb_row][\/et_pb_section]<\/p>\n","protected":false},"excerpt":{"rendered":"<p>Polityka prywatno\u015bciPoni\u017cej znajduje si\u0119 nasza polityka prywatno\u015bci i wszystkie informacje prawne.1) Wprowadzenie i dane kontaktowe administratora 1.1 Cieszymy si\u0119, \u017ce odwiedzasz nasz\u0105 stron\u0119 internetow\u0105 i dzi\u0119kujemy za zainteresowanie. Poni\u017cej poinformujemy Ci\u0119, w jaki spos\u00f3b przetwarzamy Twoje dane osobowe podczas korzystania z naszej strony internetowej. Dane osobowe to wszystkie dane, za pomoc\u0105 kt\u00f3rych mo\u017cna zidentyfikowa\u0107 u\u017cytkownika. [&hellip;]<\/p>\n","protected":false},"author":2,"featured_media":0,"parent":0,"menu_order":0,"comment_status":"closed","ping_status":"closed","template":"","meta":{"_et_pb_use_builder":"on","_et_pb_old_content":"","_et_gb_content_width":"","footnotes":""},"class_list":["post-5529","page","type-page","status-publish","hentry"],"yoast_head":"<!-- This site is optimized with the Yoast SEO plugin v26.8 - https:\/\/yoast.com\/product\/yoast-seo-wordpress\/ -->\n<title>Polityka prywatno\u015bci - PRIGNITZ Mikrosystemtechnik<\/title>\n<meta name=\"robots\" content=\"index, follow, max-snippet:-1, max-image-preview:large, max-video-preview:-1\" \/>\n<link rel=\"canonical\" href=\"https:\/\/www.prignitz-mst.de\/pl\/polityka-prywatnosci\/\" \/>\n<meta property=\"og:locale\" content=\"pl_PL\" \/>\n<meta property=\"og:type\" content=\"article\" \/>\n<meta property=\"og:title\" content=\"Polityka prywatno\u015bci - PRIGNITZ Mikrosystemtechnik\" \/>\n<meta property=\"og:description\" content=\"Polityka prywatno\u015bciPoni\u017cej znajduje si\u0119 nasza polityka prywatno\u015bci i wszystkie informacje prawne.1) Wprowadzenie i dane kontaktowe administratora 1.1 Cieszymy si\u0119, \u017ce odwiedzasz nasz\u0105 stron\u0119 internetow\u0105 i dzi\u0119kujemy za zainteresowanie. Poni\u017cej poinformujemy Ci\u0119, w jaki spos\u00f3b przetwarzamy Twoje dane osobowe podczas korzystania z naszej strony internetowej. Dane osobowe to wszystkie dane, za pomoc\u0105 kt\u00f3rych mo\u017cna zidentyfikowa\u0107 u\u017cytkownika. [&hellip;]\" \/>\n<meta property=\"og:url\" content=\"https:\/\/www.prignitz-mst.de\/pl\/polityka-prywatnosci\/\" \/>\n<meta property=\"og:site_name\" content=\"PRIGNITZ Mikrosystemtechnik\" \/>\n<meta property=\"article:modified_time\" content=\"2025-01-16T23:19:42+00:00\" \/>\n<meta name=\"twitter:card\" content=\"summary_large_image\" \/>\n<meta name=\"twitter:label1\" content=\"Szacowany czas czytania\" \/>\n\t<meta name=\"twitter:data1\" content=\"27 minut\" \/>\n<script type=\"application\/ld+json\" class=\"yoast-schema-graph\">{\"@context\":\"https:\/\/schema.org\",\"@graph\":[{\"@type\":\"WebPage\",\"@id\":\"https:\/\/www.prignitz-mst.de\/pl\/polityka-prywatnosci\/\",\"url\":\"https:\/\/www.prignitz-mst.de\/pl\/polityka-prywatnosci\/\",\"name\":\"Polityka prywatno\u015bci - PRIGNITZ Mikrosystemtechnik\",\"isPartOf\":{\"@id\":\"https:\/\/www.prignitz-mst.de\/#website\"},\"datePublished\":\"2022-09-23T17:45:08+00:00\",\"dateModified\":\"2025-01-16T23:19:42+00:00\",\"breadcrumb\":{\"@id\":\"https:\/\/www.prignitz-mst.de\/pl\/polityka-prywatnosci\/#breadcrumb\"},\"inLanguage\":\"pl-PL\",\"potentialAction\":[{\"@type\":\"ReadAction\",\"target\":[\"https:\/\/www.prignitz-mst.de\/pl\/polityka-prywatnosci\/\"]}]},{\"@type\":\"BreadcrumbList\",\"@id\":\"https:\/\/www.prignitz-mst.de\/pl\/polityka-prywatnosci\/#breadcrumb\",\"itemListElement\":[{\"@type\":\"ListItem\",\"position\":1,\"name\":\"Startseite\",\"item\":\"https:\/\/www.prignitz-mst.de\/pl\/\"},{\"@type\":\"ListItem\",\"position\":2,\"name\":\"Polityka prywatno\u015bci\"}]},{\"@type\":\"WebSite\",\"@id\":\"https:\/\/www.prignitz-mst.de\/#website\",\"url\":\"https:\/\/www.prignitz-mst.de\/\",\"name\":\"PRIGNITZ Mikrosystemtechnik\",\"description\":\"pressure sensors for Hydrogen\",\"potentialAction\":[{\"@type\":\"SearchAction\",\"target\":{\"@type\":\"EntryPoint\",\"urlTemplate\":\"https:\/\/www.prignitz-mst.de\/?s={search_term_string}\"},\"query-input\":{\"@type\":\"PropertyValueSpecification\",\"valueRequired\":true,\"valueName\":\"search_term_string\"}}],\"inLanguage\":\"pl-PL\"}]}<\/script>\n<!-- \/ Yoast SEO plugin. -->","yoast_head_json":{"title":"Polityka prywatno\u015bci - PRIGNITZ Mikrosystemtechnik","robots":{"index":"index","follow":"follow","max-snippet":"max-snippet:-1","max-image-preview":"max-image-preview:large","max-video-preview":"max-video-preview:-1"},"canonical":"https:\/\/www.prignitz-mst.de\/pl\/polityka-prywatnosci\/","og_locale":"pl_PL","og_type":"article","og_title":"Polityka prywatno\u015bci - PRIGNITZ Mikrosystemtechnik","og_description":"Polityka prywatno\u015bciPoni\u017cej znajduje si\u0119 nasza polityka prywatno\u015bci i wszystkie informacje prawne.1) Wprowadzenie i dane kontaktowe administratora 1.1 Cieszymy si\u0119, \u017ce odwiedzasz nasz\u0105 stron\u0119 internetow\u0105 i dzi\u0119kujemy za zainteresowanie. Poni\u017cej poinformujemy Ci\u0119, w jaki spos\u00f3b przetwarzamy Twoje dane osobowe podczas korzystania z naszej strony internetowej. Dane osobowe to wszystkie dane, za pomoc\u0105 kt\u00f3rych mo\u017cna zidentyfikowa\u0107 u\u017cytkownika. [&hellip;]","og_url":"https:\/\/www.prignitz-mst.de\/pl\/polityka-prywatnosci\/","og_site_name":"PRIGNITZ Mikrosystemtechnik","article_modified_time":"2025-01-16T23:19:42+00:00","twitter_card":"summary_large_image","twitter_misc":{"Szacowany czas czytania":"27 minut"},"schema":{"@context":"https:\/\/schema.org","@graph":[{"@type":"WebPage","@id":"https:\/\/www.prignitz-mst.de\/pl\/polityka-prywatnosci\/","url":"https:\/\/www.prignitz-mst.de\/pl\/polityka-prywatnosci\/","name":"Polityka prywatno\u015bci - PRIGNITZ Mikrosystemtechnik","isPartOf":{"@id":"https:\/\/www.prignitz-mst.de\/#website"},"datePublished":"2022-09-23T17:45:08+00:00","dateModified":"2025-01-16T23:19:42+00:00","breadcrumb":{"@id":"https:\/\/www.prignitz-mst.de\/pl\/polityka-prywatnosci\/#breadcrumb"},"inLanguage":"pl-PL","potentialAction":[{"@type":"ReadAction","target":["https:\/\/www.prignitz-mst.de\/pl\/polityka-prywatnosci\/"]}]},{"@type":"BreadcrumbList","@id":"https:\/\/www.prignitz-mst.de\/pl\/polityka-prywatnosci\/#breadcrumb","itemListElement":[{"@type":"ListItem","position":1,"name":"Startseite","item":"https:\/\/www.prignitz-mst.de\/pl\/"},{"@type":"ListItem","position":2,"name":"Polityka prywatno\u015bci"}]},{"@type":"WebSite","@id":"https:\/\/www.prignitz-mst.de\/#website","url":"https:\/\/www.prignitz-mst.de\/","name":"PRIGNITZ Mikrosystemtechnik","description":"pressure sensors for Hydrogen","potentialAction":[{"@type":"SearchAction","target":{"@type":"EntryPoint","urlTemplate":"https:\/\/www.prignitz-mst.de\/?s={search_term_string}"},"query-input":{"@type":"PropertyValueSpecification","valueRequired":true,"valueName":"search_term_string"}}],"inLanguage":"pl-PL"}]}},"_links":{"self":[{"href":"https:\/\/www.prignitz-mst.de\/pl\/wp-json\/wp\/v2\/pages\/5529","targetHints":{"allow":["GET"]}}],"collection":[{"href":"https:\/\/www.prignitz-mst.de\/pl\/wp-json\/wp\/v2\/pages"}],"about":[{"href":"https:\/\/www.prignitz-mst.de\/pl\/wp-json\/wp\/v2\/types\/page"}],"author":[{"embeddable":true,"href":"https:\/\/www.prignitz-mst.de\/pl\/wp-json\/wp\/v2\/users\/2"}],"replies":[{"embeddable":true,"href":"https:\/\/www.prignitz-mst.de\/pl\/wp-json\/wp\/v2\/comments?post=5529"}],"version-history":[{"count":3,"href":"https:\/\/www.prignitz-mst.de\/pl\/wp-json\/wp\/v2\/pages\/5529\/revisions"}],"predecessor-version":[{"id":5532,"href":"https:\/\/www.prignitz-mst.de\/pl\/wp-json\/wp\/v2\/pages\/5529\/revisions\/5532"}],"wp:attachment":[{"href":"https:\/\/www.prignitz-mst.de\/pl\/wp-json\/wp\/v2\/media?parent=5529"}],"curies":[{"name":"wp","href":"https:\/\/api.w.org\/{rel}","templated":true}]}}